{"id":69,"date":"2020-08-24T21:51:47","date_gmt":"2020-08-24T21:51:47","guid":{"rendered":"https:\/\/www.lab22.cc\/?page_id=69"},"modified":"2024-04-18T18:46:04","modified_gmt":"2024-04-18T18:46:04","slug":"a-propos","status":"publish","type":"page","link":"https:\/\/2200labs.com\/index.php\/a-propos\/","title":{"rendered":"\u00e0 propos"},"content":{"rendered":"<p>[et_pb_section fb_built=&#8221;1&#8243; fullwidth=&#8221;on&#8221; _builder_version=&#8221;4.16&#8243; _module_preset=&#8221;default&#8221; global_colors_info=&#8221;{}&#8221;][et_pb_fullwidth_header title=&#8221;Que&#8217;st-ce que le LAB22&#8243; _builder_version=&#8221;4.16&#8243; _module_preset=&#8221;default&#8221; background_color=&#8221;rgba(46,55,232,0.31)&#8221; global_colors_info=&#8221;{}&#8221;]e LAB DES SOCI\u00c9T\u00c9S DU 22E SI\u00c8CLE est une communaut\u00e9 de pratique dont la mission est d\u2019offrir aux innovateurs, artistes et entrepreneurs sociaux orient\u00e9s vers le futur un environnement au sein duquel ils peuvent prototyper les syst\u00e8mes humains de demain, aujourd\u2019hui.[\/et_pb_fullwidth_header][et_pb_fullwidth_header title=&#8221;Contexte&#8221; text_orientation=&#8221;right&#8221; background_overlay_color=&#8221;#ffffff&#8221; _builder_version=&#8221;4.16&#8243; _module_preset=&#8221;default&#8221; title_text_color=&#8221;#0c71c3&#8243; content_text_color=&#8221;#000000&#8243; global_colors_info=&#8221;{}&#8221;]Nous assistons actuellement, au niveau mondial, \u00e0 la r\u00e9gression des institutions d\u00e9mocratiques, aux effets d\u00e9shumanisants du n\u00e9olib\u00e9ralisme et \u00e0 la destruction acc\u00e9l\u00e9r\u00e9e de nos syst\u00e8mes \u00e9cologiques. Un tel environnement est propice \u00e0 la d\u00e9tresse, au cynisme et \u00e0 un inqui\u00e9tant sentiment d\u2019impuissance g\u00e9n\u00e9ralis\u00e9e. Parall\u00e8lement, un mouvement sans cesse croissant d\u2019innovations sociales \u00e9merge pour relever ces d\u00e9fis, int\u00e9grant anciennes comme nouvelles m\u00e9thodes pour mieux organiser la vie humaine. Ce mouvement transforme la culture et g\u00e9n\u00e8re de nouvelles philosophies et pratiques sociales qui pourraient, avec l\u2019aide appropri\u00e9e, se transformer en v\u00e9ritables structures sociales alternatives.<\/p>\n<p>De ce contexte \u00e9merge le besoin de cr\u00e9er des espaces durables o\u00f9 les pr\u00e9curseurs des mondes de demain peuvent venir co-d\u00e9velopper des syst\u00e8mes humains \u00e9mergents au sein de communaut\u00e9s holistiques et nourrissantes.[\/et_pb_fullwidth_header][et_pb_fullwidth_header title=&#8221;Vision&#8221; background_overlay_color=&#8221;#8300e9&#8243; _builder_version=&#8221;4.16&#8243; _module_preset=&#8221;default&#8221; background_color=&#8221;#8300e9&#8243; global_colors_info=&#8221;{}&#8221;]Un tel projet viendrait rejoindre un mouvement international d\u2019initiatives similairement avanc\u00e9es et multidisciplinaires consacr\u00e9es \u00e0 la transformation syst\u00e9mique par l\u2019intervention en syst\u00e8me humain.<\/p>\n<p>Le LAB DES SOCI\u00c9T\u00c9S DU 22E SI\u00c8CLE structurera ses activit\u00e9s pour r\u00e9pondre au mieux \u00e0 ces quatre familles de besoins :[\/et_pb_fullwidth_header][et_pb_fullwidth_header title=&#8221;Approche&#8221; text_orientation=&#8221;right&#8221; background_overlay_color=&#8221;#ffffff&#8221; _builder_version=&#8221;4.16&#8243; _module_preset=&#8221;default&#8221; background_layout=&#8221;light&#8221; global_colors_info=&#8221;{}&#8221;]<\/p>\n<p style=\"text-align: left;\"><strong>Offrir des exp\u00e9riences d&#8217;apprentissage<\/strong><\/p>\n<p style=\"text-align: left;\">en organisant des cercles d&#8217;apprentissage, des groupes de lecture, des plateformes de<\/p>\n<p style=\"text-align: left;\">partage d&#8217;information en ligne, des webinaires, des conf\u00e9rences, des voyages<\/p>\n<p style=\"text-align: left;\">d&#8217;apprentissage, des programmes de mentorat, etc.<\/p>\n<p style=\"text-align: left;\">\n<p style=\"text-align: left;\">\n<p style=\"text-align: left;\"><strong><\/strong><\/p>\n<p style=\"text-align: left;\"><strong><\/strong><\/p>\n<p style=\"text-align: left;\"><strong><\/strong><\/p>\n<p style=\"text-align: left;\">\n<p style=\"text-align: left;\"><strong>Faciliter les opportunit\u00e9s de pratique<\/strong><\/p>\n<p style=\"text-align: left;\">en h\u00e9bergeant des environnements de cod\u00e9veloppement,<\/p>\n<p style=\"text-align: left;\">en encourageant la collaboration interdisciplinaire,<\/p>\n<p style=\"text-align: left;\">en soutenant l&#8217;organisation d&#8217;\u00e9v\u00e9nements pour ses membres, etc.<\/p>\n<p style=\"text-align: left;\">\n<p style=\"text-align: left;\"><strong>Fournir des ressources pour soutenir le d\u00e9veloppement<\/strong><\/p>\n<p style=\"text-align: left;\">en donnant acc\u00e8s \u00e0 des espaces, en soutenant les processus de demande de<\/p>\n<p style=\"text-align: left;\">subventions, en cultivant le d\u00e9veloppement d\u2019une communaut\u00e9 internationale,<\/p>\n<p style=\"text-align: left;\">en coordonnant les initiatives de partage de ressources entre les membres, etc.<\/p>\n<p style=\"text-align: left;\">\n<p style=\"text-align: left;\">\n<p style=\"text-align: left;\">\n<p style=\"text-align: left;\"><strong><\/strong><\/p>\n<p style=\"text-align: left;\">\n<p style=\"text-align: left;\"><strong><\/strong><\/p>\n<p style=\"text-align: left;\"><strong>Favoriser des relations sociales saines<\/strong><\/p>\n<p style=\"text-align: left;\">en organisant des environnements de soutien pour les membres tels que des cercles de soutien, en facilitant l&#8217;acc\u00e8s \u00e0 la m\u00e9diation ou au soutien psychologique pour les membres dans le besoin, en organisant des c\u00e9l\u00e9brations des succ\u00e8s des membres et d&#8217;autres rassemblements informels qui cultivent des relations durables.<\/p>\n<p style=\"text-align: left;\">\n<p style=\"text-align: left;\">\u00a0<strong>Autres principes fondamentaux <span style=\"color: #e02b20;\">(LINK?)<\/span><\/strong><\/p>\n<p style=\"text-align: left;\">\u00a0\u2022 Structure organisationnelle horizontale<\/p>\n<p style=\"text-align: left;\">\u00a0\u2022\u00a0 \u00c9co-responsabilit\u00e9<\/p>\n<p style=\"text-align: left;\">\u00a0\u2022 D\u00e9colonisation et inclusion radicale<\/p>\n<p style=\"text-align: left;\">\u00a0\u2022 Production d\u2019informations open source<\/p>\n<p style=\"text-align: left;\">\u00a0\u2022 Contribution au bien commun<\/p>\n<p style=\"text-align: left;\">\u00a0\u2022 Structure organisationnelle<\/p>\n<p>[\/et_pb_fullwidth_header][et_pb_fullwidth_header title=&#8221;Qui est concern\u00e9?&#8221; background_overlay_color=&#8221;rgba(0,0,0,0)&#8221; _builder_version=&#8221;4.16&#8243; _module_preset=&#8221;default&#8221; background_color=&#8221;#c4aa00&#8243; background_image=&#8221;https:\/\/www.lab22.cc\/wp-content\/uploads\/2020\/09\/loomie-face.png&#8221; background_size=&#8221;contain&#8221; background_position=&#8221;bottom_right&#8221; custom_padding=&#8221;6px|||||&#8221; global_colors_info=&#8221;{}&#8221;]mon texte[\/et_pb_fullwidth_header][et_pb_fullwidth_header title=&#8221;\u00c9tat du projet&#8221; text_orientation=&#8221;right&#8221; background_overlay_color=&#8221;#ffffff&#8221; _builder_version=&#8221;4.16&#8243; _module_preset=&#8221;default&#8221; background_layout=&#8221;light&#8221; global_colors_info=&#8221;{}&#8221;]<\/p>\n<p>&nbsp;<\/p>\n<p>&nbsp;<\/p>\n<p>&nbsp;<\/p>\n<p style=\"text-align: left;\">\u00c0 court terme, le LAB DES SOCI\u00c9T\u00c9S DU 22E SI\u00c8CLE sera un rassemblement informel\u00a0<span style=\"font-size: 14px;\">sans structure l\u00e9gale et est actuellement un prototype de communaut\u00e9 incub\u00e9 par<\/span><span style=\"font-size: 14px;\">\u00a0<a href=\"www.metacollabmontreal.com\">M\u00e9tacollab Montr\u00e9al<\/a>.<\/span><\/p>\n<p style=\"text-align: left;\">Apr\u00e8s une phase de prototypage d&#8217;un an, nous explorerons la possibilit\u00e9 de cr\u00e9er un<span style=\"font-size: 14px;\">\u00a0coop\u00e9rative de solidarit\u00e9, une organisation \u00e0 but non lucratif ou une fiduciaire.<\/span><\/p>\n<p style=\"text-align: left;\"><span style=\"font-size: 14px;\"><\/span><\/p>\n<p style=\"text-align: left;\"><span style=\"font-size: 14px;\"><\/span><\/p>\n<p style=\"text-align: left;\"><span style=\"font-size: 14px;\"><\/span><\/p>\n<p style=\"text-align: left;\">\n<p style=\"text-align: left;\"><strong>Financement<\/strong><\/p>\n<p style=\"text-align: left;\">Au cours de la phase de prototypage, le LAB DES SOCI\u00c9T\u00c9S DU 22E SI\u00c8CLE fonctionnera gr\u00e2ce \u00e0 la<span style=\"font-size: 14px;\">\u00a0mise \u00e0 disposition d\u2019espaces par la communaut\u00e9, la contribution temps b\u00e9n\u00e9vole des membres\u00a0<\/span><span style=\"font-size: 14px;\">et une participation financi\u00e8re mineure de M\u00e9tacollab Montr\u00e9al.<\/span><\/p>\n<p style=\"text-align: left;\">\n<p style=\"text-align: left;\"><strong>Comment puis-je aider\u00a0?<\/strong><\/p>\n<p style=\"text-align: left;\">Ci-dessous, les \u00e9l\u00e9ments affich\u00e9s en violet peuvent encore \u00eatre am\u00e9lior\u00e9s par vos contributions.<\/p>\n<p style=\"text-align: left;\">\n<p style=\"text-align: left;\">\n<p style=\"text-align: left;\">\n<p style=\"text-align: left;\">\n<p style=\"text-align: left;\">\n<p style=\"text-align: left;\">\n<p style=\"text-align: left;\">\n<p style=\"text-align: left;\"><strong><\/strong><\/p>\n<p style=\"text-align: left;\"><strong><\/strong><\/p>\n<p style=\"text-align: left;\"><strong><\/strong><\/p>\n<p style=\"text-align: left;\"><strong>\u00c9tapes de projet<\/strong><\/p>\n<p style=\"text-align: left;\"><strong>Phase 1<\/strong><\/p>\n<p style=\"text-align: left;\">Former un noyau de co-promoteurs<br \/> Revoir la description de projet et affiner la proposition de base<br \/> Traduire le mat\u00e9riel en fran\u00e7ais et en anglais<br \/> Compiler l&#8217;offre initiale des membres de la communaut\u00e9 souhaitant prendre une part de co-leadership sur les activit\u00e9s qui seront h\u00e9berg\u00e9es par le lab<br \/> Commencer \u00e0 cartographier le r\u00e9seau d&#8217;alli\u00e9s potentiels et d&#8217;organisations alli\u00e9es<\/p>\n<p><strong>Phase 2<\/strong><\/p>\n<p>Codesigner le calendrier des \u00e9v\u00e9nements de la 1\u00e8re ann\u00e9e<br \/> Cr\u00e9er une \u00e9bauche d\u2019invitation aux \u00e9v\u00e9nements<br \/> Trouver des organisations partenaires pour les espaces et ressources<br \/> Revoir le branding<br \/> Chercher des contributeurs sp\u00e9cialis\u00e9s pour produire du contenu suppl\u00e9mentaire<\/p>\n<p style=\"text-align: left;\"><strong>Phase 3<\/strong><\/p>\n<p style=\"text-align: left;\">Finaliser le calendrier des \u00e9v\u00e9nements et la logistique<br \/> Publier les invitations aux \u00e9v\u00e9nements<br \/> Activit\u00e9s du LAB DES SOCI\u00c9T\u00c9S DU 22E SI\u00c8CLE<br \/> Documenter les \u00e9v\u00e9nements<br \/> Initier la communication avec les communaut\u00e9s internationales<\/p>\n<p style=\"text-align: left;\">\n<p style=\"text-align: right;\"><strong>Phase 4<\/strong><\/p>\n<p style=\"text-align: right;\">D\u00e9briefer les processus, apprendre et d\u00e9cider des activit\u00e9s de 2021<\/p>\n<p>[\/et_pb_fullwidth_header][et_pb_fullwidth_header title=&#8221;\u00c9tat du projet&#8221; text_orientation=&#8221;right&#8221; background_overlay_color=&#8221;#ffffff&#8221; _builder_version=&#8221;4.16&#8243; _module_preset=&#8221;default&#8221; background_layout=&#8221;light&#8221; global_colors_info=&#8221;{}&#8221;]<\/p>\n<p>&nbsp;<\/p>\n<p>&nbsp;<\/p>\n<p>&nbsp;<\/p>\n<p style=\"text-align: left;\">\u00c0 court terme, le LAB DES SOCI\u00c9T\u00c9S DU 22E SI\u00c8CLE sera un rassemblement informel\u00a0<span style=\"font-size: 14px;\">sans structure l\u00e9gale et est actuellement un prototype de communaut\u00e9 incub\u00e9 par<\/span><span style=\"font-size: 14px;\">\u00a0<a href=\"www.metacollabmontreal.com\">M\u00e9tacollab Montr\u00e9al<\/a>.<\/span><\/p>\n<p style=\"text-align: left;\">Apr\u00e8s une phase de prototypage d&#8217;un an, nous explorerons la possibilit\u00e9 de cr\u00e9er un<span style=\"font-size: 14px;\">\u00a0coop\u00e9rative de solidarit\u00e9, une organisation \u00e0 but non lucratif ou une fiduciaire.<\/span><\/p>\n<p style=\"text-align: left;\"><span style=\"font-size: 14px;\"><\/span><\/p>\n<p style=\"text-align: left;\"><span style=\"font-size: 14px;\"><\/span><\/p>\n<p style=\"text-align: left;\"><span style=\"font-size: 14px;\"><\/span><\/p>\n<p style=\"text-align: left;\">\n<p style=\"text-align: left;\"><strong>Financement<\/strong><\/p>\n<p style=\"text-align: left;\">Au cours de la phase de prototypage, le LAB DES SOCI\u00c9T\u00c9S DU 22E SI\u00c8CLE fonctionnera gr\u00e2ce \u00e0 la<span style=\"font-size: 14px;\">\u00a0mise \u00e0 disposition d\u2019espaces par la communaut\u00e9, la contribution temps b\u00e9n\u00e9vole des membres\u00a0<\/span><span style=\"font-size: 14px;\">et une participation financi\u00e8re mineure de M\u00e9tacollab Montr\u00e9al.<\/span><\/p>\n<p style=\"text-align: left;\">\n<p style=\"text-align: left;\"><strong>Comment puis-je aider\u00a0?<\/strong><\/p>\n<p style=\"text-align: left;\">Ci-dessous, les \u00e9l\u00e9ments affich\u00e9s en violet peuvent encore \u00eatre am\u00e9lior\u00e9s par vos contributions.<\/p>\n<p style=\"text-align: left;\">\n<p style=\"text-align: left;\">\n<p style=\"text-align: left;\">\n<p style=\"text-align: left;\">\n<p style=\"text-align: left;\">\n<p style=\"text-align: left;\">\n<p style=\"text-align: left;\">\n<p style=\"text-align: left;\"><strong><\/strong><\/p>\n<p style=\"text-align: left;\"><strong><\/strong><\/p>\n<p style=\"text-align: left;\"><strong><\/strong><\/p>\n<p style=\"text-align: left;\"><strong>\u00c9tapes de projet<\/strong><\/p>\n<p style=\"text-align: left;\"><strong>Phase 1<\/strong><\/p>\n<p style=\"text-align: left;\">Former un noyau de co-promoteurs<br \/> Revoir la description de projet et affiner la proposition de base<br \/> Traduire le mat\u00e9riel en fran\u00e7ais et en anglais<br \/> Compiler l&#8217;offre initiale des membres de la communaut\u00e9 souhaitant prendre une part de co-leadership sur les activit\u00e9s qui seront h\u00e9berg\u00e9es par le lab<br \/> Commencer \u00e0 cartographier le r\u00e9seau d&#8217;alli\u00e9s potentiels et d&#8217;organisations alli\u00e9es<\/p>\n<p><strong>Phase 2<\/strong><\/p>\n<p>Codesigner le calendrier des \u00e9v\u00e9nements de la 1\u00e8re ann\u00e9e<br \/> Cr\u00e9er une \u00e9bauche d\u2019invitation aux \u00e9v\u00e9nements<br \/> Trouver des organisations partenaires pour les espaces et ressources<br \/> Revoir le branding<br \/> Chercher des contributeurs sp\u00e9cialis\u00e9s pour produire du contenu suppl\u00e9mentaire<\/p>\n<p style=\"text-align: left;\"><strong>Phase 3<\/strong><\/p>\n<p style=\"text-align: left;\">Finaliser le calendrier des \u00e9v\u00e9nements et la logistique<br \/> Publier les invitations aux \u00e9v\u00e9nements<br \/> Activit\u00e9s du LAB DES SOCI\u00c9T\u00c9S DU 22E SI\u00c8CLE<br \/> Documenter les \u00e9v\u00e9nements<br \/> Initier la communication avec les communaut\u00e9s internationales<\/p>\n<p style=\"text-align: left;\">\n<p style=\"text-align: right;\"><strong>Phase 4<\/strong><\/p>\n<p style=\"text-align: right;\">D\u00e9briefer les processus, apprendre et d\u00e9cider des activit\u00e9s de 2021<\/p>\n<p>[\/et_pb_fullwidth_header][\/et_pb_section][et_pb_section fb_built=&#8221;1&#8243; fullwidth=&#8221;on&#8221; _builder_version=&#8221;4.16&#8243; _module_preset=&#8221;default&#8221; global_colors_info=&#8221;{}&#8221;][et_pb_fullwidth_header title=&#8221;\u00e9quipe&#8221; _builder_version=&#8221;4.16&#8243; _module_preset=&#8221;default&#8221; background_color=&#8221;#6b6b6b&#8221; global_colors_info=&#8221;{}&#8221;]qui[\/et_pb_fullwidth_header][et_pb_fullwidth_header title=&#8221;partenaires&#8221; _builder_version=&#8221;4.16&#8243; _module_preset=&#8221;default&#8221; background_color=&#8221;#6b6b6b&#8221; global_colors_info=&#8221;{}&#8221;]liste et logos[\/et_pb_fullwidth_header][\/et_pb_section]<\/p>\n","protected":false},"excerpt":{"rendered":"<p>e LAB DES SOCI\u00c9T\u00c9S DU 22E SI\u00c8CLE est une communaut\u00e9 de pratique dont la mission est d\u2019offrir aux innovateurs, artistes et entrepreneurs sociaux orient\u00e9s vers le futur un environnement au sein duquel ils peuvent prototyper les syst\u00e8mes humains de demain, aujourd\u2019hui.Nous assistons actuellement, au niveau mondial, \u00e0 la r\u00e9gression des institutions d\u00e9mocratiques, aux effets d\u00e9shumanisants [&hellip;]<\/p>\n","protected":false},"author":1,"featured_media":0,"parent":0,"menu_order":0,"comment_status":"closed","ping_status":"closed","template":"","meta":{"_et_pb_use_builder":"on","_et_pb_old_content":"","_et_gb_content_width":"","footnotes":""},"_links":{"self":[{"href":"https:\/\/2200labs.com\/index.php\/wp-json\/wp\/v2\/pages\/69"}],"collection":[{"href":"https:\/\/2200labs.com\/index.php\/wp-json\/wp\/v2\/pages"}],"about":[{"href":"https:\/\/2200labs.com\/index.php\/wp-json\/wp\/v2\/types\/page"}],"author":[{"embeddable":true,"href":"https:\/\/2200labs.com\/index.php\/wp-json\/wp\/v2\/users\/1"}],"replies":[{"embeddable":true,"href":"https:\/\/2200labs.com\/index.php\/wp-json\/wp\/v2\/comments?post=69"}],"version-history":[{"count":5,"href":"https:\/\/2200labs.com\/index.php\/wp-json\/wp\/v2\/pages\/69\/revisions"}],"predecessor-version":[{"id":189,"href":"https:\/\/2200labs.com\/index.php\/wp-json\/wp\/v2\/pages\/69\/revisions\/189"}],"wp:attachment":[{"href":"https:\/\/2200labs.com\/index.php\/wp-json\/wp\/v2\/media?parent=69"}],"curies":[{"name":"wp","href":"https:\/\/api.w.org\/{rel}","templated":true}]}}